{"id":2817,"date":"2013-11-20T10:00:20","date_gmt":"2013-11-20T09:00:20","guid":{"rendered":"http:\/\/2018.salve.si\/?post_type=product&#038;p=2817"},"modified":"2018-08-23T13:27:16","modified_gmt":"2018-08-23T11:27:16","slug":"zdaj-spletam-venec-spomincic","status":"publish","type":"product","link":"https:\/\/www.salve.si\/en\/trgovina\/knjige\/leposlovje\/zdaj-spletam-venec-spomincic\/","title":{"rendered":"Zdaj spletam venec spomin\u010dic"},"content":{"rendered":"<p>&#8220;Zdaj spletam venec spomin\u010dic&#8221; na 555 straneh s 333 dokumentarnimi fotografijami ter perorisbami Petra Jovanovi\u010da, samorastnika izpod Blego\u0161a, odstira zaveso spomina na \u017eivljenje \u0161olar\u010dka, dijaka, \u0161tudenta, profesorja, \u010dasnikarja in duhovnika, sopotnika mladih in odraslih, rojakov doma in po svetu.<\/p>\n<p>To je film, na katerem kot rahel &#8220;protestnik&#8221; odslikava predvsem svoj epski pohod skozi svin\u010dene \u010dase, film, na katerem se vrstijo spominki utrinki s popotovanja po koordinatah \u010dasa, v katerem mu je bilo dano \u017eiveti. To obse\u017eno pisanje bi lahko imenovali tudi potopis notranjega \u017eivljenja, tih pogovor s samim seboj ali z drugimi, za marsikaterega bralca bo to lahko romansirana pripoved ali esejisti\u010dni dnevni\u0161ki zapisi. Kakor koli \u017ee poimenujemo to pisanje, narekovalo ga je pestro \u017eivljenje, izpisano pa je s panonsko strastjo in panonsko \u0161irino. Tistemu svetu in ljudem, sedaj ukle\u0161\u010denemu v njegove spominske mo\u017eganske celice, je pripadal z du\u0161o in srcem \u2013 in sedaj je zbral drobtinice, ob katerih bi svet, ki ga je prehodil, vnovi\u010d o\u017eivel. Do\u017eivljal ga je v duhu Bo\u017eje velnice: Sentire cum Ecclesia \/ \u010dutiti s Cerkvijo, in iz modrosti, kot jo vsebuje anti\u010dna mislilnica: Verba volant, scripta maneat \/ izre\u010dene besede se razpr\u0161ijo v veter, kar pa je zapisano, ostane.<br \/>\n&#8220;Zakaj to brskanje po spominu prehojene poti,&#8221; se pisec spra\u0161uje v uvodnem razmi\u0161ljanju. &#8220;Posebno v tihih in mirnih ve\u010derih mi neka nevidna sila odstira zaveso spomina na ne\u0161tete obraze ter sre\u010danja s preprostimi ljudmi, \u0161tudenti, profesorji, dru\u017einami, kraji doma in po svetu, o\u017eivlja mi pogovore s pesniki in pisatelji, akademiki in \u0161kofi, Slovenci in Neslovenci, menihi in duhovniki, ljubitelji poezije in slovenske umetni\u0161ke besede. Ta spomin v\u010dasih zagori v meni kot \u017eerjavica, kot razbeljeno \u017eelezo, kot poldnevna \u017eeja in pu\u0161\u010davska lakota. Tiho mi pri\u0161epetava nek skrivnostni glas: Quod non est in scriptis, no nest in mundo \/ kar ni zapisano, tega tudi ni. Bralca prosim, naj mi bo milostljiv sodnik, prizanesljiv kritik.&#8221;<span class=\"slv-content-keywords\"> Jo\u017ee Zadravec Izpovedi Leposlovje <\/span><\/p>","protected":false},"excerpt":{"rendered":"<p>To je knjiga, kot je \u0161e ni bilo, predvsem za pisca, ki jo je ve\u010d let snoval, vselej s hotenjem za polno in pravo mero \u010duta za resnico, ljubezen, svet, \u010dloveka in \u017eivljenje. Njegov sen \u2013 knji\u017ena oblika mnogih dnevni\u0161kih zapisov \u2013 se je pred kratkim kon\u010dno uresni\u010dil.<\/p>","protected":false},"featured_media":2818,"template":"","meta":{"_acf_changed":false,"footnotes":""},"product_cat":[659,312],"product_tag":[],"class_list":{"0":"post-2817","1":"product","2":"type-product","3":"status-publish","4":"has-post-thumbnail","6":"authors-joze-zadravec","7":"publisher-salve-d-o-o-ljubljana","8":"product_cat-izpovedi","9":"product_cat-leposlovje","11":"first","12":"instock","13":"shipping-taxable","14":"purchasable","15":"product-type-simple"},"acf":[],"yoast_head":"<!-- This site is optimized with the Yoast SEO plugin v23.8 - https:\/\/yoast.com\/wordpress\/plugins\/seo\/ -->\n<title>Zdaj spletam venec spomin\u010dic - Salve<\/title>\n<meta name=\"robots\" content=\"index, follow, max-snippet:-1, max-image-preview:large, max-video-preview:-1\" \/>\n<link rel=\"canonical\" href=\"https:\/\/www.salve.si\/en\/trgovina\/knjige\/leposlovje\/zdaj-spletam-venec-spomincic\/\" \/>\n<meta property=\"og:locale\" content=\"en_US\" \/>\n<meta property=\"og:type\" content=\"article\" \/>\n<meta property=\"og:title\" content=\"Zdaj spletam venec spomin\u010dic - Salve\" \/>\n<meta property=\"og:description\" content=\"To je knjiga, kot je \u0161e ni bilo, predvsem za pisca, ki jo je ve\u010d let snoval, vselej s hotenjem za polno in pravo mero \u010duta za resnico, ljubezen, svet, \u010dloveka in \u017eivljenje. Njegov sen \u2013 knji\u017ena oblika mnogih dnevni\u0161kih zapisov \u2013 se je pred kratkim kon\u010dno uresni\u010dil.\" \/>\n<meta property=\"og:url\" content=\"https:\/\/www.salve.si\/en\/trgovina\/knjige\/leposlovje\/zdaj-spletam-venec-spomincic\/\" \/>\n<meta property=\"og:site_name\" content=\"Salve\" \/>\n<meta property=\"article:publisher\" content=\"https:\/\/www.facebook.com\/salve.si\" \/>\n<meta property=\"article:modified_time\" content=\"2018-08-23T11:27:16+00:00\" \/>\n<meta property=\"og:image\" content=\"https:\/\/www.salve.si\/wp-content\/uploads\/2018\/03\/salve_zdaj-spletam-venec-spomincic_joze-zadravec_2013.jpg\" \/>\n\t<meta property=\"og:image:width\" content=\"2019\" \/>\n\t<meta property=\"og:image:height\" content=\"2894\" \/>\n\t<meta property=\"og:image:type\" content=\"image\/jpeg\" \/>\n<meta name=\"twitter:card\" content=\"summary_large_image\" \/>\n<meta name=\"twitter:label1\" content=\"Est. reading time\" \/>\n\t<meta name=\"twitter:data1\" content=\"2 minutes\" \/>\n<script type=\"application\/ld+json\" class=\"yoast-schema-graph\">{\"@context\":\"https:\/\/schema.org\",\"@graph\":[{\"@type\":\"WebPage\",\"@id\":\"https:\/\/www.salve.si\/trgovina\/knjige\/leposlovje\/zdaj-spletam-venec-spomincic\/\",\"url\":\"https:\/\/www.salve.si\/trgovina\/knjige\/leposlovje\/zdaj-spletam-venec-spomincic\/\",\"name\":\"Zdaj spletam venec spomin\u010dic - Salve\",\"isPartOf\":{\"@id\":\"https:\/\/www.salve.si\/#website\"},\"primaryImageOfPage\":{\"@id\":\"https:\/\/www.salve.si\/trgovina\/knjige\/leposlovje\/zdaj-spletam-venec-spomincic\/#primaryimage\"},\"image\":{\"@id\":\"https:\/\/www.salve.si\/trgovina\/knjige\/leposlovje\/zdaj-spletam-venec-spomincic\/#primaryimage\"},\"thumbnailUrl\":\"https:\/\/www.salve.si\/wp-content\/uploads\/2018\/03\/salve_zdaj-spletam-venec-spomincic_joze-zadravec_2013.jpg\",\"datePublished\":\"2013-11-20T09:00:20+00:00\",\"dateModified\":\"2018-08-23T11:27:16+00:00\",\"breadcrumb\":{\"@id\":\"https:\/\/www.salve.si\/trgovina\/knjige\/leposlovje\/zdaj-spletam-venec-spomincic\/#breadcrumb\"},\"inLanguage\":\"en-US\",\"potentialAction\":[{\"@type\":\"ReadAction\",\"target\":[\"https:\/\/www.salve.si\/trgovina\/knjige\/leposlovje\/zdaj-spletam-venec-spomincic\/\"]}]},{\"@type\":\"ImageObject\",\"inLanguage\":\"en-US\",\"@id\":\"https:\/\/www.salve.si\/trgovina\/knjige\/leposlovje\/zdaj-spletam-venec-spomincic\/#primaryimage\",\"url\":\"https:\/\/www.salve.si\/wp-content\/uploads\/2018\/03\/salve_zdaj-spletam-venec-spomincic_joze-zadravec_2013.jpg\",\"contentUrl\":\"https:\/\/www.salve.si\/wp-content\/uploads\/2018\/03\/salve_zdaj-spletam-venec-spomincic_joze-zadravec_2013.jpg\",\"width\":2019,\"height\":2894},{\"@type\":\"BreadcrumbList\",\"@id\":\"https:\/\/www.salve.si\/trgovina\/knjige\/leposlovje\/zdaj-spletam-venec-spomincic\/#breadcrumb\",\"itemListElement\":[{\"@type\":\"ListItem\",\"position\":1,\"name\":\"Home\",\"item\":\"https:\/\/www.salve.si\/\"},{\"@type\":\"ListItem\",\"position\":2,\"name\":\"Trgovina\",\"item\":\"https:\/\/www.salve.si\/trgovina\/\"},{\"@type\":\"ListItem\",\"position\":3,\"name\":\"Zdaj spletam venec spomin\u010dic\"}]},{\"@type\":\"WebSite\",\"@id\":\"https:\/\/www.salve.si\/#website\",\"url\":\"https:\/\/www.salve.si\/\",\"name\":\"Salve\",\"description\":\"Salezijanska zalo\u017eba\",\"publisher\":{\"@id\":\"https:\/\/www.salve.si\/#organization\"},\"potentialAction\":[{\"@type\":\"SearchAction\",\"target\":{\"@type\":\"EntryPoint\",\"urlTemplate\":\"https:\/\/www.salve.si\/?s={search_term_string}\"},\"query-input\":{\"@type\":\"PropertyValueSpecification\",\"valueRequired\":true,\"valueName\":\"search_term_string\"}}],\"inLanguage\":\"en-US\"},{\"@type\":\"Organization\",\"@id\":\"https:\/\/www.salve.si\/#organization\",\"name\":\"Salve d.o.o.\",\"url\":\"https:\/\/www.salve.si\/\",\"logo\":{\"@type\":\"ImageObject\",\"inLanguage\":\"en-US\",\"@id\":\"https:\/\/www.salve.si\/#\/schema\/logo\/image\/\",\"url\":\"https:\/\/www.salve.si\/wp-content\/uploads\/2021\/01\/Salve_logo_modri_nov_web.png\",\"contentUrl\":\"https:\/\/www.salve.si\/wp-content\/uploads\/2021\/01\/Salve_logo_modri_nov_web.png\",\"width\":279,\"height\":90,\"caption\":\"Salve d.o.o.\"},\"image\":{\"@id\":\"https:\/\/www.salve.si\/#\/schema\/logo\/image\/\"},\"sameAs\":[\"https:\/\/www.facebook.com\/salve.si\",\"https:\/\/www.instagram.com\/zalozbasalve\/\",\"https:\/\/www.linkedin.com\/company\/zalozba-salve\/\"]}]}<\/script>\n<!-- \/ Yoast SEO plugin. -->","yoast_head_json":{"title":"Zdaj spletam venec spomin\u010dic - Salve","robots":{"index":"index","follow":"follow","max-snippet":"max-snippet:-1","max-image-preview":"max-image-preview:large","max-video-preview":"max-video-preview:-1"},"canonical":"https:\/\/www.salve.si\/en\/trgovina\/knjige\/leposlovje\/zdaj-spletam-venec-spomincic\/","og_locale":"en_US","og_type":"article","og_title":"Zdaj spletam venec spomin\u010dic - Salve","og_description":"To je knjiga, kot je \u0161e ni bilo, predvsem za pisca, ki jo je ve\u010d let snoval, vselej s hotenjem za polno in pravo mero \u010duta za resnico, ljubezen, svet, \u010dloveka in \u017eivljenje. Njegov sen \u2013 knji\u017ena oblika mnogih dnevni\u0161kih zapisov \u2013 se je pred kratkim kon\u010dno uresni\u010dil.","og_url":"https:\/\/www.salve.si\/en\/trgovina\/knjige\/leposlovje\/zdaj-spletam-venec-spomincic\/","og_site_name":"Salve","article_publisher":"https:\/\/www.facebook.com\/salve.si","article_modified_time":"2018-08-23T11:27:16+00:00","og_image":[{"width":2019,"height":2894,"url":"https:\/\/www.salve.si\/wp-content\/uploads\/2018\/03\/salve_zdaj-spletam-venec-spomincic_joze-zadravec_2013.jpg","type":"image\/jpeg"}],"twitter_card":"summary_large_image","twitter_misc":{"Est. reading time":"2 minutes"},"schema":{"@context":"https:\/\/schema.org","@graph":[{"@type":"WebPage","@id":"https:\/\/www.salve.si\/trgovina\/knjige\/leposlovje\/zdaj-spletam-venec-spomincic\/","url":"https:\/\/www.salve.si\/trgovina\/knjige\/leposlovje\/zdaj-spletam-venec-spomincic\/","name":"Zdaj spletam venec spomin\u010dic - Salve","isPartOf":{"@id":"https:\/\/www.salve.si\/#website"},"primaryImageOfPage":{"@id":"https:\/\/www.salve.si\/trgovina\/knjige\/leposlovje\/zdaj-spletam-venec-spomincic\/#primaryimage"},"image":{"@id":"https:\/\/www.salve.si\/trgovina\/knjige\/leposlovje\/zdaj-spletam-venec-spomincic\/#primaryimage"},"thumbnailUrl":"https:\/\/www.salve.si\/wp-content\/uploads\/2018\/03\/salve_zdaj-spletam-venec-spomincic_joze-zadravec_2013.jpg","datePublished":"2013-11-20T09:00:20+00:00","dateModified":"2018-08-23T11:27:16+00:00","breadcrumb":{"@id":"https:\/\/www.salve.si\/trgovina\/knjige\/leposlovje\/zdaj-spletam-venec-spomincic\/#breadcrumb"},"inLanguage":"en-US","potentialAction":[{"@type":"ReadAction","target":["https:\/\/www.salve.si\/trgovina\/knjige\/leposlovje\/zdaj-spletam-venec-spomincic\/"]}]},{"@type":"ImageObject","inLanguage":"en-US","@id":"https:\/\/www.salve.si\/trgovina\/knjige\/leposlovje\/zdaj-spletam-venec-spomincic\/#primaryimage","url":"https:\/\/www.salve.si\/wp-content\/uploads\/2018\/03\/salve_zdaj-spletam-venec-spomincic_joze-zadravec_2013.jpg","contentUrl":"https:\/\/www.salve.si\/wp-content\/uploads\/2018\/03\/salve_zdaj-spletam-venec-spomincic_joze-zadravec_2013.jpg","width":2019,"height":2894},{"@type":"BreadcrumbList","@id":"https:\/\/www.salve.si\/trgovina\/knjige\/leposlovje\/zdaj-spletam-venec-spomincic\/#breadcrumb","itemListElement":[{"@type":"ListItem","position":1,"name":"Home","item":"https:\/\/www.salve.si\/"},{"@type":"ListItem","position":2,"name":"Trgovina","item":"https:\/\/www.salve.si\/trgovina\/"},{"@type":"ListItem","position":3,"name":"Zdaj spletam venec spomin\u010dic"}]},{"@type":"WebSite","@id":"https:\/\/www.salve.si\/#website","url":"https:\/\/www.salve.si\/","name":"Salve","description":"Salezijanska zalo\u017eba","publisher":{"@id":"https:\/\/www.salve.si\/#organization"},"potentialAction":[{"@type":"SearchAction","target":{"@type":"EntryPoint","urlTemplate":"https:\/\/www.salve.si\/?s={search_term_string}"},"query-input":{"@type":"PropertyValueSpecification","valueRequired":true,"valueName":"search_term_string"}}],"inLanguage":"en-US"},{"@type":"Organization","@id":"https:\/\/www.salve.si\/#organization","name":"Salve d.o.o.","url":"https:\/\/www.salve.si\/","logo":{"@type":"ImageObject","inLanguage":"en-US","@id":"https:\/\/www.salve.si\/#\/schema\/logo\/image\/","url":"https:\/\/www.salve.si\/wp-content\/uploads\/2021\/01\/Salve_logo_modri_nov_web.png","contentUrl":"https:\/\/www.salve.si\/wp-content\/uploads\/2021\/01\/Salve_logo_modri_nov_web.png","width":279,"height":90,"caption":"Salve d.o.o."},"image":{"@id":"https:\/\/www.salve.si\/#\/schema\/logo\/image\/"},"sameAs":["https:\/\/www.facebook.com\/salve.si","https:\/\/www.instagram.com\/zalozbasalve\/","https:\/\/www.linkedin.com\/company\/zalozba-salve\/"]}]}},"_links":{"self":[{"href":"https:\/\/www.salve.si\/en\/wp-json\/wp\/v2\/product\/2817","targetHints":{"allow":["GET"]}}],"collection":[{"href":"https:\/\/www.salve.si\/en\/wp-json\/wp\/v2\/product"}],"about":[{"href":"https:\/\/www.salve.si\/en\/wp-json\/wp\/v2\/types\/product"}],"version-history":[{"count":0,"href":"https:\/\/www.salve.si\/en\/wp-json\/wp\/v2\/product\/2817\/revisions"}],"wp:featuredmedia":[{"embeddable":true,"href":"https:\/\/www.salve.si\/en\/wp-json\/wp\/v2\/media\/2818"}],"wp:attachment":[{"href":"https:\/\/www.salve.si\/en\/wp-json\/wp\/v2\/media?parent=2817"}],"wp:term":[{"taxonomy":"product_cat","embeddable":true,"href":"https:\/\/www.salve.si\/en\/wp-json\/wp\/v2\/product_cat?post=2817"},{"taxonomy":"product_tag","embeddable":true,"href":"https:\/\/www.salve.si\/en\/wp-json\/wp\/v2\/product_tag?post=2817"}],"curies":[{"name":"wp","href":"https:\/\/api.w.org\/{rel}","templated":true}]}}