{"id":16042,"date":"2022-09-23T09:47:28","date_gmt":"2022-09-23T07:47:28","guid":{"rendered":"https:\/\/www.salve.si\/?post_type=product&#038;p=16042"},"modified":"2026-01-01T00:00:10","modified_gmt":"2025-12-31T23:00:10","slug":"karel-de-foucauld-nepopolni-brat","status":"publish","type":"product","link":"https:\/\/www.salve.si\/en\/trgovina\/knjige\/svetniki\/karel-de-foucauld-nepopolni-brat\/","title":{"rendered":"KAREL DE FOUCAULD: NEPOPOLNI BRAT"},"content":{"rendered":"<p>Menih je postal znan po okro\u017enici Vsi smo bratje. Pape\u017e Fran\u010di\u0161ek ga navaja kot \u00bb\u0161e eno osebo globoke vere, ki je iz svoje intenzivne izku\u0161nje Boga prehodila pot preobrazbe, dokler ni za\u010dutila, da je brat vsem\u00ab. Knjiga prina\u0161a biografski in duhovni portret tega novega svetnika, \u00bbnepopolnega brata, ki je \u017eelel postati univerzalni brat, s poni\u017enostjo na poti, ki je bila \u017ee ve\u010dkrat prehojena,\u00ab pravi avtorica.<\/p>\n<p>Po njenem mnenju bi \u00bbsvetost, h kateri nas Karel de Foucauld vodi v 21. stoletju, lahko videli z dveh dopolnjujo\u010dih se zornih kotov. Prvi je iskanje. Karel je bil \u010dlovek, ki je vse \u017eivljenje iskal, bil je raziskovalec pu\u0161\u010dav, pa tudi iskalec Boga, smisla, globine in pomembnosti. Po drugi strani pa je Karlova razse\u017enost kot \u010dloveka, ki ne dose\u017ee v celoti tistega, kar bi rad, in na njegovi poti se pojavljajo sence. Sprejema svoje zlome, vendar se pusti oblikovati Bogu in resni\u010dnosti. To je zanimivo potovanje, na katerem se lahko znajde tudi sodobni iskalec.<\/p>\n<p>Po avtorici je Foucauld prvi, ki je dosegel inkulturacijo kljub prepri\u010danju o superiornosti evropske rase in intelektualnemu mehur\u010dku, v katerem je \u017eivel. Bil je med Tuaregi in vojaki, na svoji poti odnosa z Bogom je do\u017eivljal \u0161tevilne faze, su\u0161o, te\u017eave in vse, kar je del duhovnega \u017eivljenja. Vendar je imel srce in ob\u010dutljivost za povr\u0161je. Okoli\u0161\u010dine so ga udarile v obraz, vendar je postal bolj realen in poni\u017een. Zaradi tega se je zavedal svoje mere in \u017eivel pristne odnose. Njegova celotna pot je smiselna, saj je njegova rde\u010da nit ljubezen do Jezusa.<span class=\"slv-content-keywords\"> Saldana Mostajo Margarita Knjige Svetniki Karel de Foucauld mali brat svetnik <\/span><\/p>","protected":false},"excerpt":{"rendered":"<p>V koncentri\u010dnih krogih se nam predstavlja \u010dlovek, ki do konca \u017eivljenja ni prenehal iskati na\u010dina, da svoje \u017eivljenje pribli\u017ea skritemu in ubo\u017enemu \u017eivljenju Jezusa Nazare\u010dana. Pripoved je podrobno nizanje selitev na \u017eivljenjski poti Karla de Foucaulda in nas mistagogi\u010dno uvede v njegovo notranje popotovanje, ki se zaradi zornega kota, s katerega nam je prikazano, razkrije v \u010disto novi lu\u010di.<\/p>","protected":false},"featured_media":16089,"template":"","meta":{"_acf_changed":false,"footnotes":""},"product_cat":[141,634],"product_tag":[1162,1163,781],"class_list":{"0":"post-16042","1":"product","2":"type-product","3":"status-publish","4":"has-post-thumbnail","6":"authors-saldana-mostajo-margarita","7":"publisher-salve-d-o-o-ljubljana","8":"product_cat-knjige","9":"product_cat-svetniki","10":"product_tag-karel-de-foucauld","11":"product_tag-mali-brat","12":"product_tag-svetnik","14":"first","15":"instock","16":"shipping-taxable","17":"purchasable","18":"product-type-simple"},"acf":[],"yoast_head":"<!-- This site is optimized with the Yoast SEO plugin v23.8 - https:\/\/yoast.com\/wordpress\/plugins\/seo\/ -->\n<title>KAREL DE FOUCAULD: NEPOPOLNI BRAT - Salve<\/title>\n<meta name=\"robots\" content=\"index, follow, max-snippet:-1, max-image-preview:large, max-video-preview:-1\" \/>\n<link rel=\"canonical\" href=\"https:\/\/www.salve.si\/en\/trgovina\/knjige\/svetniki\/karel-de-foucauld-nepopolni-brat\/\" \/>\n<meta property=\"og:locale\" content=\"en_US\" \/>\n<meta property=\"og:type\" content=\"article\" \/>\n<meta property=\"og:title\" content=\"KAREL DE FOUCAULD: NEPOPOLNI BRAT - Salve\" \/>\n<meta property=\"og:description\" content=\"V koncentri\u010dnih krogih se nam predstavlja \u010dlovek, ki do konca \u017eivljenja ni prenehal iskati na\u010dina, da svoje \u017eivljenje pribli\u017ea skritemu in ubo\u017enemu \u017eivljenju Jezusa Nazare\u010dana. Pripoved je podrobno nizanje selitev na \u017eivljenjski poti Karla de Foucaulda in nas mistagogi\u010dno uvede v njegovo notranje popotovanje, ki se zaradi zornega kota, s katerega nam je prikazano, razkrije v \u010disto novi lu\u010di.\" \/>\n<meta property=\"og:url\" content=\"https:\/\/www.salve.si\/en\/trgovina\/knjige\/svetniki\/karel-de-foucauld-nepopolni-brat\/\" \/>\n<meta property=\"og:site_name\" content=\"Salve\" \/>\n<meta property=\"article:publisher\" content=\"https:\/\/www.facebook.com\/salve.si\" \/>\n<meta property=\"article:modified_time\" content=\"2025-12-31T23:00:10+00:00\" \/>\n<meta property=\"og:image\" content=\"https:\/\/www.salve.si\/wp-content\/uploads\/2022\/09\/Karel-de-Foucauld_NASLOVNICA.jpg\" \/>\n\t<meta property=\"og:image:width\" content=\"1067\" \/>\n\t<meta property=\"og:image:height\" content=\"1654\" \/>\n\t<meta property=\"og:image:type\" content=\"image\/jpeg\" \/>\n<meta name=\"twitter:card\" content=\"summary_large_image\" \/>\n<meta name=\"twitter:label1\" content=\"Est. reading time\" \/>\n\t<meta name=\"twitter:data1\" content=\"2 minutes\" \/>\n<script type=\"application\/ld+json\" class=\"yoast-schema-graph\">{\"@context\":\"https:\/\/schema.org\",\"@graph\":[{\"@type\":\"WebPage\",\"@id\":\"https:\/\/www.salve.si\/trgovina\/knjige\/svetniki\/karel-de-foucauld-nepopolni-brat\/\",\"url\":\"https:\/\/www.salve.si\/trgovina\/knjige\/svetniki\/karel-de-foucauld-nepopolni-brat\/\",\"name\":\"KAREL DE FOUCAULD: NEPOPOLNI BRAT - Salve\",\"isPartOf\":{\"@id\":\"https:\/\/www.salve.si\/#website\"},\"primaryImageOfPage\":{\"@id\":\"https:\/\/www.salve.si\/trgovina\/knjige\/svetniki\/karel-de-foucauld-nepopolni-brat\/#primaryimage\"},\"image\":{\"@id\":\"https:\/\/www.salve.si\/trgovina\/knjige\/svetniki\/karel-de-foucauld-nepopolni-brat\/#primaryimage\"},\"thumbnailUrl\":\"https:\/\/www.salve.si\/wp-content\/uploads\/2022\/09\/Karel-de-Foucauld_NASLOVNICA.jpg\",\"datePublished\":\"2022-09-23T07:47:28+00:00\",\"dateModified\":\"2025-12-31T23:00:10+00:00\",\"breadcrumb\":{\"@id\":\"https:\/\/www.salve.si\/trgovina\/knjige\/svetniki\/karel-de-foucauld-nepopolni-brat\/#breadcrumb\"},\"inLanguage\":\"en-US\",\"potentialAction\":[{\"@type\":\"ReadAction\",\"target\":[\"https:\/\/www.salve.si\/trgovina\/knjige\/svetniki\/karel-de-foucauld-nepopolni-brat\/\"]}]},{\"@type\":\"ImageObject\",\"inLanguage\":\"en-US\",\"@id\":\"https:\/\/www.salve.si\/trgovina\/knjige\/svetniki\/karel-de-foucauld-nepopolni-brat\/#primaryimage\",\"url\":\"https:\/\/www.salve.si\/wp-content\/uploads\/2022\/09\/Karel-de-Foucauld_NASLOVNICA.jpg\",\"contentUrl\":\"https:\/\/www.salve.si\/wp-content\/uploads\/2022\/09\/Karel-de-Foucauld_NASLOVNICA.jpg\",\"width\":1067,\"height\":1654},{\"@type\":\"BreadcrumbList\",\"@id\":\"https:\/\/www.salve.si\/trgovina\/knjige\/svetniki\/karel-de-foucauld-nepopolni-brat\/#breadcrumb\",\"itemListElement\":[{\"@type\":\"ListItem\",\"position\":1,\"name\":\"Home\",\"item\":\"https:\/\/www.salve.si\/\"},{\"@type\":\"ListItem\",\"position\":2,\"name\":\"Trgovina\",\"item\":\"https:\/\/www.salve.si\/trgovina\/\"},{\"@type\":\"ListItem\",\"position\":3,\"name\":\"KAREL DE FOUCAULD: NEPOPOLNI BRAT\"}]},{\"@type\":\"WebSite\",\"@id\":\"https:\/\/www.salve.si\/#website\",\"url\":\"https:\/\/www.salve.si\/\",\"name\":\"Salve\",\"description\":\"Salezijanska zalo\u017eba\",\"publisher\":{\"@id\":\"https:\/\/www.salve.si\/#organization\"},\"potentialAction\":[{\"@type\":\"SearchAction\",\"target\":{\"@type\":\"EntryPoint\",\"urlTemplate\":\"https:\/\/www.salve.si\/?s={search_term_string}\"},\"query-input\":{\"@type\":\"PropertyValueSpecification\",\"valueRequired\":true,\"valueName\":\"search_term_string\"}}],\"inLanguage\":\"en-US\"},{\"@type\":\"Organization\",\"@id\":\"https:\/\/www.salve.si\/#organization\",\"name\":\"Salve d.o.o.\",\"url\":\"https:\/\/www.salve.si\/\",\"logo\":{\"@type\":\"ImageObject\",\"inLanguage\":\"en-US\",\"@id\":\"https:\/\/www.salve.si\/#\/schema\/logo\/image\/\",\"url\":\"https:\/\/www.salve.si\/wp-content\/uploads\/2021\/01\/Salve_logo_modri_nov_web.png\",\"contentUrl\":\"https:\/\/www.salve.si\/wp-content\/uploads\/2021\/01\/Salve_logo_modri_nov_web.png\",\"width\":279,\"height\":90,\"caption\":\"Salve d.o.o.\"},\"image\":{\"@id\":\"https:\/\/www.salve.si\/#\/schema\/logo\/image\/\"},\"sameAs\":[\"https:\/\/www.facebook.com\/salve.si\",\"https:\/\/www.instagram.com\/zalozbasalve\/\",\"https:\/\/www.linkedin.com\/company\/zalozba-salve\/\"]}]}<\/script>\n<!-- \/ Yoast SEO plugin. -->","yoast_head_json":{"title":"KAREL DE FOUCAULD: NEPOPOLNI BRAT - Salve","robots":{"index":"index","follow":"follow","max-snippet":"max-snippet:-1","max-image-preview":"max-image-preview:large","max-video-preview":"max-video-preview:-1"},"canonical":"https:\/\/www.salve.si\/en\/trgovina\/knjige\/svetniki\/karel-de-foucauld-nepopolni-brat\/","og_locale":"en_US","og_type":"article","og_title":"KAREL DE FOUCAULD: NEPOPOLNI BRAT - Salve","og_description":"V koncentri\u010dnih krogih se nam predstavlja \u010dlovek, ki do konca \u017eivljenja ni prenehal iskati na\u010dina, da svoje \u017eivljenje pribli\u017ea skritemu in ubo\u017enemu \u017eivljenju Jezusa Nazare\u010dana. Pripoved je podrobno nizanje selitev na \u017eivljenjski poti Karla de Foucaulda in nas mistagogi\u010dno uvede v njegovo notranje popotovanje, ki se zaradi zornega kota, s katerega nam je prikazano, razkrije v \u010disto novi lu\u010di.","og_url":"https:\/\/www.salve.si\/en\/trgovina\/knjige\/svetniki\/karel-de-foucauld-nepopolni-brat\/","og_site_name":"Salve","article_publisher":"https:\/\/www.facebook.com\/salve.si","article_modified_time":"2025-12-31T23:00:10+00:00","og_image":[{"width":1067,"height":1654,"url":"https:\/\/www.salve.si\/wp-content\/uploads\/2022\/09\/Karel-de-Foucauld_NASLOVNICA.jpg","type":"image\/jpeg"}],"twitter_card":"summary_large_image","twitter_misc":{"Est. reading time":"2 minutes"},"schema":{"@context":"https:\/\/schema.org","@graph":[{"@type":"WebPage","@id":"https:\/\/www.salve.si\/trgovina\/knjige\/svetniki\/karel-de-foucauld-nepopolni-brat\/","url":"https:\/\/www.salve.si\/trgovina\/knjige\/svetniki\/karel-de-foucauld-nepopolni-brat\/","name":"KAREL DE FOUCAULD: NEPOPOLNI BRAT - Salve","isPartOf":{"@id":"https:\/\/www.salve.si\/#website"},"primaryImageOfPage":{"@id":"https:\/\/www.salve.si\/trgovina\/knjige\/svetniki\/karel-de-foucauld-nepopolni-brat\/#primaryimage"},"image":{"@id":"https:\/\/www.salve.si\/trgovina\/knjige\/svetniki\/karel-de-foucauld-nepopolni-brat\/#primaryimage"},"thumbnailUrl":"https:\/\/www.salve.si\/wp-content\/uploads\/2022\/09\/Karel-de-Foucauld_NASLOVNICA.jpg","datePublished":"2022-09-23T07:47:28+00:00","dateModified":"2025-12-31T23:00:10+00:00","breadcrumb":{"@id":"https:\/\/www.salve.si\/trgovina\/knjige\/svetniki\/karel-de-foucauld-nepopolni-brat\/#breadcrumb"},"inLanguage":"en-US","potentialAction":[{"@type":"ReadAction","target":["https:\/\/www.salve.si\/trgovina\/knjige\/svetniki\/karel-de-foucauld-nepopolni-brat\/"]}]},{"@type":"ImageObject","inLanguage":"en-US","@id":"https:\/\/www.salve.si\/trgovina\/knjige\/svetniki\/karel-de-foucauld-nepopolni-brat\/#primaryimage","url":"https:\/\/www.salve.si\/wp-content\/uploads\/2022\/09\/Karel-de-Foucauld_NASLOVNICA.jpg","contentUrl":"https:\/\/www.salve.si\/wp-content\/uploads\/2022\/09\/Karel-de-Foucauld_NASLOVNICA.jpg","width":1067,"height":1654},{"@type":"BreadcrumbList","@id":"https:\/\/www.salve.si\/trgovina\/knjige\/svetniki\/karel-de-foucauld-nepopolni-brat\/#breadcrumb","itemListElement":[{"@type":"ListItem","position":1,"name":"Home","item":"https:\/\/www.salve.si\/"},{"@type":"ListItem","position":2,"name":"Trgovina","item":"https:\/\/www.salve.si\/trgovina\/"},{"@type":"ListItem","position":3,"name":"KAREL DE FOUCAULD: NEPOPOLNI BRAT"}]},{"@type":"WebSite","@id":"https:\/\/www.salve.si\/#website","url":"https:\/\/www.salve.si\/","name":"Salve","description":"Salezijanska zalo\u017eba","publisher":{"@id":"https:\/\/www.salve.si\/#organization"},"potentialAction":[{"@type":"SearchAction","target":{"@type":"EntryPoint","urlTemplate":"https:\/\/www.salve.si\/?s={search_term_string}"},"query-input":{"@type":"PropertyValueSpecification","valueRequired":true,"valueName":"search_term_string"}}],"inLanguage":"en-US"},{"@type":"Organization","@id":"https:\/\/www.salve.si\/#organization","name":"Salve d.o.o.","url":"https:\/\/www.salve.si\/","logo":{"@type":"ImageObject","inLanguage":"en-US","@id":"https:\/\/www.salve.si\/#\/schema\/logo\/image\/","url":"https:\/\/www.salve.si\/wp-content\/uploads\/2021\/01\/Salve_logo_modri_nov_web.png","contentUrl":"https:\/\/www.salve.si\/wp-content\/uploads\/2021\/01\/Salve_logo_modri_nov_web.png","width":279,"height":90,"caption":"Salve d.o.o."},"image":{"@id":"https:\/\/www.salve.si\/#\/schema\/logo\/image\/"},"sameAs":["https:\/\/www.facebook.com\/salve.si","https:\/\/www.instagram.com\/zalozbasalve\/","https:\/\/www.linkedin.com\/company\/zalozba-salve\/"]}]}},"_links":{"self":[{"href":"https:\/\/www.salve.si\/en\/wp-json\/wp\/v2\/product\/16042","targetHints":{"allow":["GET"]}}],"collection":[{"href":"https:\/\/www.salve.si\/en\/wp-json\/wp\/v2\/product"}],"about":[{"href":"https:\/\/www.salve.si\/en\/wp-json\/wp\/v2\/types\/product"}],"version-history":[{"count":7,"href":"https:\/\/www.salve.si\/en\/wp-json\/wp\/v2\/product\/16042\/revisions"}],"predecessor-version":[{"id":16050,"href":"https:\/\/www.salve.si\/en\/wp-json\/wp\/v2\/product\/16042\/revisions\/16050"}],"wp:featuredmedia":[{"embeddable":true,"href":"https:\/\/www.salve.si\/en\/wp-json\/wp\/v2\/media\/16089"}],"wp:attachment":[{"href":"https:\/\/www.salve.si\/en\/wp-json\/wp\/v2\/media?parent=16042"}],"wp:term":[{"taxonomy":"product_cat","embeddable":true,"href":"https:\/\/www.salve.si\/en\/wp-json\/wp\/v2\/product_cat?post=16042"},{"taxonomy":"product_tag","embeddable":true,"href":"https:\/\/www.salve.si\/en\/wp-json\/wp\/v2\/product_tag?post=16042"}],"curies":[{"name":"wp","href":"https:\/\/api.w.org\/{rel}","templated":true}]}}